{"id":2083,"date":"2026-06-30T09:00:45","date_gmt":"2026-06-30T09:00:45","guid":{"rendered":"https:\/\/oder-partnerschaft.eu\/?post_type=termin&#038;p=2083"},"modified":"2026-09-02T15:09:02","modified_gmt":"2026-09-02T15:09:02","slug":"7-september-das-polnische-wirtschaftswunder-als-beispiel-fuer-deutschland-in-berlin","status":"publish","type":"termin","link":"https:\/\/oder-partnerschaft.eu\/pl\/termin\/7-september-das-polnische-wirtschaftswunder-als-beispiel-fuer-deutschland-in-berlin\/","title":{"rendered":"7 wrze\u015bnia: \u201ePolski cud gospodarczy jako przyk\u0142ad dla Niemiec\u201d w Berlinie"},"content":{"rendered":"\t\t<div data-elementor-type=\"wp-post\" data-elementor-id=\"2083\" class=\"elementor elementor-2083\" data-elementor-post-type=\"termin\">\n\t\t\t\t<div class=\"elementor-element elementor-element-8e7ecef e-flex e-con-boxed e-con e-parent\" data-id=\"8e7ecef\" data-element_type=\"container\" data-e-type=\"container\">\n\t\t\t\t\t<div class=\"e-con-inner\">\n\t\t\t\t<div class=\"elementor-element elementor-element-8ecc8ba elementor-widget__width-initial elementor-widget elementor-widget-text-editor\" data-id=\"8ecc8ba\" data-element_type=\"widget\" data-e-type=\"widget\" data-widget_type=\"text-editor.default\">\n\t\t\t\t<div class=\"elementor-widget-container\">\n\t\t\t\t\t\t\t\t\t<p data-start=\"207\" data-end=\"581\">Was kann Deutschland aus der wirtschaftlichen Transformation Polens lernen? Am 7. September 2026 diskutieren in Berlin der ehemalige polnische Finanzminister und fr\u00fchere Pr\u00e4sident der Polnischen Nationalbank Prof. Dr. Leszek Balcerowicz und die Europaabgeordnete Svenja Hahn \u00fcber die Erfahrungen der polnischen Wirtschaftsreformen und m\u00f6gliche Lehren f\u00fcr Deutschland. Im Mittelpunkt stehen marktwirtschaftliche Reformen, solide Staatsfinanzen sowie die Bedeutung von Wettbewerb, Unternehmertum und wirtschaftlicher Freiheit f\u00fcr Wachstum und Innovation.<\/p>\n<p><!-- \/wp:paragraph --><\/p>\n<p><!-- \/wp:paragraph --><\/p>\t\t\t\t\t\t\t\t<\/div>\n\t\t\t\t<\/div>\n\t\t\t\t\t<\/div>\n\t\t\t\t<\/div>\n\t\t<div class=\"elementor-element elementor-element-2cfedbd e-flex e-con-boxed e-con e-parent\" data-id=\"2cfedbd\" data-element_type=\"container\" data-e-type=\"container\">\n\t\t\t\t\t<div class=\"e-con-inner\">\n\t\t<div class=\"elementor-element elementor-element-b4a5df8 e-flex e-con-boxed e-con e-child\" data-id=\"b4a5df8\" data-element_type=\"container\" data-e-type=\"container\" data-settings=\"{&quot;background_background&quot;:&quot;classic&quot;,&quot;background_motion_fx_motion_fx_scrolling&quot;:&quot;yes&quot;,&quot;background_motion_fx_translateY_effect&quot;:&quot;yes&quot;,&quot;background_motion_fx_translateY_speed&quot;:{&quot;unit&quot;:&quot;px&quot;,&quot;size&quot;:4,&quot;sizes&quot;:[]},&quot;background_motion_fx_translateY_affectedRange&quot;:{&quot;unit&quot;:&quot;%&quot;,&quot;size&quot;:&quot;&quot;,&quot;sizes&quot;:{&quot;start&quot;:0,&quot;end&quot;:100}},&quot;background_motion_fx_devices&quot;:[&quot;desktop&quot;,&quot;tablet&quot;,&quot;mobile&quot;]}\">\n\t\t\t\t\t<div class=\"e-con-inner\">\n\t\t\t\t\t<\/div>\n\t\t\t\t<\/div>\n\t\t<div class=\"elementor-element elementor-element-46c8fb8 e-con-full e-flex e-con e-child\" data-id=\"46c8fb8\" data-element_type=\"container\" data-e-type=\"container\" data-settings=\"{&quot;background_background&quot;:&quot;classic&quot;}\">\n\t\t\t\t<div class=\"elementor-element elementor-element-c67c161 elementor-widget elementor-widget-text-editor\" data-id=\"c67c161\" data-element_type=\"widget\" data-e-type=\"widget\" data-widget_type=\"text-editor.default\">\n\t\t\t\t<div class=\"elementor-widget-container\">\n\t\t\t\t\t\t\t\t\t<h3>Informationen<\/h3>\n<p class=\"PDq2pG_selectionAnchorContainer\" data-start=\"675\" data-end=\"711\"><strong data-start=\"675\" data-end=\"685\">Datum:<\/strong> Montag, 7. September 2026<\/p>\n<p data-start=\"713\" data-end=\"741\"><strong data-start=\"713\" data-end=\"725\">Uhrzeit:<\/strong> 18:45\u201321:45 Uhr<\/p>\n<p data-start=\"743\" data-end=\"794\"><strong data-start=\"743\" data-end=\"751\">Ort:<\/strong> Tagungswerk, Lindenstra\u00dfe 85, 10969 Berlin<\/p>\n<p data-start=\"796\" data-end=\"929\"><strong data-start=\"796\" data-end=\"813\">Veranstalter:<\/strong> Friedrich-Naumann-Stiftung f\u00fcr die Freiheit in Kooperation mit The Polish Institute of International Affairs (PISM)<\/p>\n<p data-start=\"931\" data-end=\"978\"><strong data-start=\"931\" data-end=\"943\">Sprache:<\/strong> Englisch mit deutscher \u00dcbersetzung<\/p>\n<p data-start=\"980\" data-end=\"1005\"><strong data-start=\"980\" data-end=\"994\">Teilnahme:<\/strong> kostenfrei<\/p>\n<p><!-- \/wp:paragraph --><\/p>\n<p><!-- \/wp:paragraph --><\/p>\t\t\t\t\t\t\t\t<\/div>\n\t\t\t\t<\/div>\n\t\t\t\t<div class=\"elementor-element elementor-element-dde1214 elementor-widget__width-initial elementor-widget elementor-widget-button\" data-id=\"dde1214\" data-element_type=\"widget\" data-e-type=\"widget\" data-widget_type=\"button.default\">\n\t\t\t\t<div class=\"elementor-widget-container\">\n\t\t\t\t\t\t\t\t\t<div class=\"elementor-button-wrapper\">\n\t\t\t\t\t<a class=\"elementor-button elementor-button-link elementor-size-sm\" href=\"https:\/\/shop.freiheit.org\/#!\/Veranstaltung\/IESTA\" target=\"_blank\" aria-label=\"zu allen News und Terminen\">\n\t\t\t\t\t\t<span class=\"elementor-button-content-wrapper\">\n\t\t\t\t\t\t\t\t\t<span class=\"elementor-button-text\">Zum Event<\/span>\n\t\t\t\t\t<\/span>\n\t\t\t\t\t<\/a>\n\t\t\t\t<\/div>\n\t\t\t\t\t\t\t\t<\/div>\n\t\t\t\t<\/div>\n\t\t\t\t<\/div>\n\t\t\t\t\t<\/div>\n\t\t\t\t<\/div>\n\t\t\t\t<\/div>\n\t\t","protected":false},"featured_media":2098,"template":"","meta":{"_acf_changed":false,"inline_featured_image":false},"categories":[9],"class_list":["post-2083","termin","type-termin","status-publish","has-post-thumbnail","hentry","category-wirtschaft"],"acf":[],"yoast_head":"<!-- This site is optimized with the Yoast SEO plugin v28.2 - https:\/\/yoast.com\/product\/yoast-seo-wordpress\/ -->\n<title>7. September: \u201eDas polnische Wirtschaftswunder als Beispiel f\u00fcr Deutschland\u201c in Berlin - Oder-Partnerschaft<\/title>\n<meta name=\"robots\" content=\"index, follow, max-snippet:-1, max-image-preview:large, max-video-preview:-1\" \/>\n<link rel=\"canonical\" href=\"https:\/\/oder-partnerschaft.eu\/pl\/termin\/7-september-das-polnische-wirtschaftswunder-als-beispiel-fuer-deutschland-in-berlin\/\" \/>\n<meta property=\"og:locale\" content=\"pl_PL\" \/>\n<meta property=\"og:type\" content=\"article\" \/>\n<meta property=\"og:title\" content=\"7. September: \u201eDas polnische Wirtschaftswunder als Beispiel f\u00fcr Deutschland\u201c in Berlin - Oder-Partnerschaft\" \/>\n<meta property=\"og:description\" content=\"Was kann Deutschland aus der wirtschaftlichen Transformation Polens lernen? Am 7. September 2026 diskutieren in Berlin der ehemalige polnische Finanzminister und fr\u00fchere Pr\u00e4sident der Polnischen Nationalbank Prof. Dr. Leszek Balcerowicz und die Europaabgeordnete Svenja Hahn \u00fcber die Erfahrungen der polnischen Wirtschaftsreformen und m\u00f6gliche Lehren f\u00fcr Deutschland. Im Mittelpunkt stehen marktwirtschaftliche Reformen, solide Staatsfinanzen sowie die [&hellip;]\" \/>\n<meta property=\"og:url\" content=\"https:\/\/oder-partnerschaft.eu\/pl\/termin\/7-september-das-polnische-wirtschaftswunder-als-beispiel-fuer-deutschland-in-berlin\/\" \/>\n<meta property=\"og:site_name\" content=\"Oder-Partnerschaft\" \/>\n<meta property=\"article:modified_time\" content=\"2026-09-02T15:09:02+00:00\" \/>\n<meta property=\"og:image\" content=\"https:\/\/oder-partnerschaft.eu\/wp-content\/uploads\/2026\/09\/Wirtschaftswunder_Polen_HB.webp\" \/>\n\t<meta property=\"og:image:width\" content=\"1920\" \/>\n\t<meta property=\"og:image:height\" content=\"1280\" \/>\n\t<meta property=\"og:image:type\" content=\"image\/webp\" \/>\n<meta name=\"twitter:card\" content=\"summary_large_image\" \/>\n<meta name=\"twitter:label1\" content=\"Szacowany czas czytania\" \/>\n\t<meta name=\"twitter:data1\" content=\"1 minuta\" \/>\n<script type=\"application\/ld+json\" class=\"yoast-schema-graph\">{\"@context\":\"https:\\\/\\\/schema.org\",\"@graph\":[{\"@type\":\"WebPage\",\"@id\":\"https:\\\/\\\/oder-partnerschaft.eu\\\/termin\\\/7-september-das-polnische-wirtschaftswunder-als-beispiel-fuer-deutschland-in-berlin\\\/\",\"url\":\"https:\\\/\\\/oder-partnerschaft.eu\\\/termin\\\/7-september-das-polnische-wirtschaftswunder-als-beispiel-fuer-deutschland-in-berlin\\\/\",\"name\":\"7. September: \u201eDas polnische Wirtschaftswunder als Beispiel f\u00fcr Deutschland\u201c in Berlin - Oder-Partnerschaft\",\"isPartOf\":{\"@id\":\"https:\\\/\\\/oder-partnerschaft.eu\\\/#website\"},\"primaryImageOfPage\":{\"@id\":\"https:\\\/\\\/oder-partnerschaft.eu\\\/termin\\\/7-september-das-polnische-wirtschaftswunder-als-beispiel-fuer-deutschland-in-berlin\\\/#primaryimage\"},\"image\":{\"@id\":\"https:\\\/\\\/oder-partnerschaft.eu\\\/termin\\\/7-september-das-polnische-wirtschaftswunder-als-beispiel-fuer-deutschland-in-berlin\\\/#primaryimage\"},\"thumbnailUrl\":\"https:\\\/\\\/oder-partnerschaft.eu\\\/wp-content\\\/uploads\\\/2026\\\/09\\\/Wirtschaftswunder_Polen_HB.webp\",\"datePublished\":\"2026-06-30T09:00:45+00:00\",\"dateModified\":\"2026-09-02T15:09:02+00:00\",\"breadcrumb\":{\"@id\":\"https:\\\/\\\/oder-partnerschaft.eu\\\/termin\\\/7-september-das-polnische-wirtschaftswunder-als-beispiel-fuer-deutschland-in-berlin\\\/#breadcrumb\"},\"inLanguage\":\"pl-PL\",\"potentialAction\":[{\"@type\":\"ReadAction\",\"target\":[\"https:\\\/\\\/oder-partnerschaft.eu\\\/termin\\\/7-september-das-polnische-wirtschaftswunder-als-beispiel-fuer-deutschland-in-berlin\\\/\"]}]},{\"@type\":\"ImageObject\",\"inLanguage\":\"pl-PL\",\"@id\":\"https:\\\/\\\/oder-partnerschaft.eu\\\/termin\\\/7-september-das-polnische-wirtschaftswunder-als-beispiel-fuer-deutschland-in-berlin\\\/#primaryimage\",\"url\":\"https:\\\/\\\/oder-partnerschaft.eu\\\/wp-content\\\/uploads\\\/2026\\\/09\\\/Wirtschaftswunder_Polen_HB.webp\",\"contentUrl\":\"https:\\\/\\\/oder-partnerschaft.eu\\\/wp-content\\\/uploads\\\/2026\\\/09\\\/Wirtschaftswunder_Polen_HB.webp\",\"width\":1920,\"height\":1280,\"caption\":\"Polens Wirtschaftswunder als Beispiel f\u00fcr Deutschland\"},{\"@type\":\"BreadcrumbList\",\"@id\":\"https:\\\/\\\/oder-partnerschaft.eu\\\/termin\\\/7-september-das-polnische-wirtschaftswunder-als-beispiel-fuer-deutschland-in-berlin\\\/#breadcrumb\",\"itemListElement\":[{\"@type\":\"ListItem\",\"position\":1,\"name\":\"Home\",\"item\":\"https:\\\/\\\/oder-partnerschaft.eu\\\/\"},{\"@type\":\"ListItem\",\"position\":2,\"name\":\"7. September: \u201eDas polnische Wirtschaftswunder als Beispiel f\u00fcr Deutschland\u201c in Berlin\"}]},{\"@type\":\"WebSite\",\"@id\":\"https:\\\/\\\/oder-partnerschaft.eu\\\/#website\",\"url\":\"https:\\\/\\\/oder-partnerschaft.eu\\\/\",\"name\":\"Oder-Partnerschaft\",\"description\":\"Partnerstwo Odra\",\"publisher\":{\"@id\":\"https:\\\/\\\/oder-partnerschaft.eu\\\/#organization\"},\"potentialAction\":[{\"@type\":\"SearchAction\",\"target\":{\"@type\":\"EntryPoint\",\"urlTemplate\":\"https:\\\/\\\/oder-partnerschaft.eu\\\/?s={search_term_string}\"},\"query-input\":{\"@type\":\"PropertyValueSpecification\",\"valueRequired\":true,\"valueName\":\"search_term_string\"}}],\"inLanguage\":\"pl-PL\"},{\"@type\":\"Organization\",\"@id\":\"https:\\\/\\\/oder-partnerschaft.eu\\\/#organization\",\"name\":\"Oder-Partnerschaft\",\"url\":\"https:\\\/\\\/oder-partnerschaft.eu\\\/\",\"logo\":{\"@type\":\"ImageObject\",\"inLanguage\":\"pl-PL\",\"@id\":\"https:\\\/\\\/oder-partnerschaft.eu\\\/#\\\/schema\\\/logo\\\/image\\\/\",\"url\":\"https:\\\/\\\/oder-partnerschaft.eu\\\/wp-content\\\/uploads\\\/2025\\\/06\\\/cropped-sign.png\",\"contentUrl\":\"https:\\\/\\\/oder-partnerschaft.eu\\\/wp-content\\\/uploads\\\/2025\\\/06\\\/cropped-sign.png\",\"width\":1646,\"height\":1646,\"caption\":\"Oder-Partnerschaft\"},\"image\":{\"@id\":\"https:\\\/\\\/oder-partnerschaft.eu\\\/#\\\/schema\\\/logo\\\/image\\\/\"}}]}<\/script>\n<!-- \/ Yoast SEO plugin. -->","yoast_head_json":{"title":"7. September: \u201eDas polnische Wirtschaftswunder als Beispiel f\u00fcr Deutschland\u201c in Berlin - Oder-Partnerschaft","robots":{"index":"index","follow":"follow","max-snippet":"max-snippet:-1","max-image-preview":"max-image-preview:large","max-video-preview":"max-video-preview:-1"},"canonical":"https:\/\/oder-partnerschaft.eu\/pl\/termin\/7-september-das-polnische-wirtschaftswunder-als-beispiel-fuer-deutschland-in-berlin\/","og_locale":"pl_PL","og_type":"article","og_title":"7. September: \u201eDas polnische Wirtschaftswunder als Beispiel f\u00fcr Deutschland\u201c in Berlin - Oder-Partnerschaft","og_description":"Was kann Deutschland aus der wirtschaftlichen Transformation Polens lernen? Am 7. September 2026 diskutieren in Berlin der ehemalige polnische Finanzminister und fr\u00fchere Pr\u00e4sident der Polnischen Nationalbank Prof. Dr. Leszek Balcerowicz und die Europaabgeordnete Svenja Hahn \u00fcber die Erfahrungen der polnischen Wirtschaftsreformen und m\u00f6gliche Lehren f\u00fcr Deutschland. Im Mittelpunkt stehen marktwirtschaftliche Reformen, solide Staatsfinanzen sowie die [&hellip;]","og_url":"https:\/\/oder-partnerschaft.eu\/pl\/termin\/7-september-das-polnische-wirtschaftswunder-als-beispiel-fuer-deutschland-in-berlin\/","og_site_name":"Oder-Partnerschaft","article_modified_time":"2026-09-02T15:09:02+00:00","og_image":[{"width":1920,"height":1280,"url":"https:\/\/oder-partnerschaft.eu\/wp-content\/uploads\/2026\/09\/Wirtschaftswunder_Polen_HB.webp","type":"image\/webp"}],"twitter_card":"summary_large_image","twitter_misc":{"Szacowany czas czytania":"1 minuta"},"schema":{"@context":"https:\/\/schema.org","@graph":[{"@type":"WebPage","@id":"https:\/\/oder-partnerschaft.eu\/termin\/7-september-das-polnische-wirtschaftswunder-als-beispiel-fuer-deutschland-in-berlin\/","url":"https:\/\/oder-partnerschaft.eu\/termin\/7-september-das-polnische-wirtschaftswunder-als-beispiel-fuer-deutschland-in-berlin\/","name":"7. September: \u201eDas polnische Wirtschaftswunder als Beispiel f\u00fcr Deutschland\u201c in Berlin - Oder-Partnerschaft","isPartOf":{"@id":"https:\/\/oder-partnerschaft.eu\/#website"},"primaryImageOfPage":{"@id":"https:\/\/oder-partnerschaft.eu\/termin\/7-september-das-polnische-wirtschaftswunder-als-beispiel-fuer-deutschland-in-berlin\/#primaryimage"},"image":{"@id":"https:\/\/oder-partnerschaft.eu\/termin\/7-september-das-polnische-wirtschaftswunder-als-beispiel-fuer-deutschland-in-berlin\/#primaryimage"},"thumbnailUrl":"https:\/\/oder-partnerschaft.eu\/wp-content\/uploads\/2026\/09\/Wirtschaftswunder_Polen_HB.webp","datePublished":"2026-06-30T09:00:45+00:00","dateModified":"2026-09-02T15:09:02+00:00","breadcrumb":{"@id":"https:\/\/oder-partnerschaft.eu\/termin\/7-september-das-polnische-wirtschaftswunder-als-beispiel-fuer-deutschland-in-berlin\/#breadcrumb"},"inLanguage":"pl-PL","potentialAction":[{"@type":"ReadAction","target":["https:\/\/oder-partnerschaft.eu\/termin\/7-september-das-polnische-wirtschaftswunder-als-beispiel-fuer-deutschland-in-berlin\/"]}]},{"@type":"ImageObject","inLanguage":"pl-PL","@id":"https:\/\/oder-partnerschaft.eu\/termin\/7-september-das-polnische-wirtschaftswunder-als-beispiel-fuer-deutschland-in-berlin\/#primaryimage","url":"https:\/\/oder-partnerschaft.eu\/wp-content\/uploads\/2026\/09\/Wirtschaftswunder_Polen_HB.webp","contentUrl":"https:\/\/oder-partnerschaft.eu\/wp-content\/uploads\/2026\/09\/Wirtschaftswunder_Polen_HB.webp","width":1920,"height":1280,"caption":"Polens Wirtschaftswunder als Beispiel f\u00fcr Deutschland"},{"@type":"BreadcrumbList","@id":"https:\/\/oder-partnerschaft.eu\/termin\/7-september-das-polnische-wirtschaftswunder-als-beispiel-fuer-deutschland-in-berlin\/#breadcrumb","itemListElement":[{"@type":"ListItem","position":1,"name":"Home","item":"https:\/\/oder-partnerschaft.eu\/"},{"@type":"ListItem","position":2,"name":"7. September: \u201eDas polnische Wirtschaftswunder als Beispiel f\u00fcr Deutschland\u201c in Berlin"}]},{"@type":"WebSite","@id":"https:\/\/oder-partnerschaft.eu\/#website","url":"https:\/\/oder-partnerschaft.eu\/","name":"Oder-Partnerschaft","description":"Partnerstwo Odra","publisher":{"@id":"https:\/\/oder-partnerschaft.eu\/#organization"},"potentialAction":[{"@type":"SearchAction","target":{"@type":"EntryPoint","urlTemplate":"https:\/\/oder-partnerschaft.eu\/?s={search_term_string}"},"query-input":{"@type":"PropertyValueSpecification","valueRequired":true,"valueName":"search_term_string"}}],"inLanguage":"pl-PL"},{"@type":"Organization","@id":"https:\/\/oder-partnerschaft.eu\/#organization","name":"Oder-Partnerschaft","url":"https:\/\/oder-partnerschaft.eu\/","logo":{"@type":"ImageObject","inLanguage":"pl-PL","@id":"https:\/\/oder-partnerschaft.eu\/#\/schema\/logo\/image\/","url":"https:\/\/oder-partnerschaft.eu\/wp-content\/uploads\/2025\/06\/cropped-sign.png","contentUrl":"https:\/\/oder-partnerschaft.eu\/wp-content\/uploads\/2025\/06\/cropped-sign.png","width":1646,"height":1646,"caption":"Oder-Partnerschaft"},"image":{"@id":"https:\/\/oder-partnerschaft.eu\/#\/schema\/logo\/image\/"}}]}},"_links":{"self":[{"href":"https:\/\/oder-partnerschaft.eu\/pl\/wp-json\/wp\/v2\/termin\/2083","targetHints":{"allow":["GET"]}}],"collection":[{"href":"https:\/\/oder-partnerschaft.eu\/pl\/wp-json\/wp\/v2\/termin"}],"about":[{"href":"https:\/\/oder-partnerschaft.eu\/pl\/wp-json\/wp\/v2\/types\/termin"}],"version-history":[{"count":15,"href":"https:\/\/oder-partnerschaft.eu\/pl\/wp-json\/wp\/v2\/termin\/2083\/revisions"}],"predecessor-version":[{"id":2100,"href":"https:\/\/oder-partnerschaft.eu\/pl\/wp-json\/wp\/v2\/termin\/2083\/revisions\/2100"}],"wp:featuredmedia":[{"embeddable":true,"href":"https:\/\/oder-partnerschaft.eu\/pl\/wp-json\/wp\/v2\/media\/2098"}],"wp:attachment":[{"href":"https:\/\/oder-partnerschaft.eu\/pl\/wp-json\/wp\/v2\/media?parent=2083"}],"wp:term":[{"taxonomy":"category","embeddable":true,"href":"https:\/\/oder-partnerschaft.eu\/pl\/wp-json\/wp\/v2\/categories?post=2083"}],"curies":[{"name":"wp","href":"https:\/\/api.w.org\/{rel}","templated":true}]}}